{"id":206,"date":"2014-10-15T22:46:31","date_gmt":"2014-10-15T20:46:31","guid":{"rendered":"http:\/\/new.selk-muenchen.de\/?page_id=206"},"modified":"2026-02-21T14:48:28","modified_gmt":"2026-02-21T13:48:28","slug":"jugendkreis","status":"publish","type":"page","link":"https:\/\/www.selk-muenchen.de\/en\/gemeindeaktivitaeten\/jugendkreis\/","title":{"rendered":"Jugendkreis"},"content":{"rendered":"<p>Der Jugendkreis findet nach Absprache statt.<\/p>\n<p>Thematische Gespr\u00e4che mit dem Pfarrer, gemeinsame Unternehmungen, sportliche Aktivit\u00e4ten, Filmn\u00e4chte oder gemeinsame Fahrten zu gr\u00f6\u00dferen Jugendveranstaltungen unserer Kirche pr\u00e4gen die jeweiligen Zusammenk\u00fcnfte.<\/p>\n\n\n<p><strong>Jugendtreffen im Bezirk S\u00fcddeutschland:<\/strong><\/p>\n\n\n\n<p><strong>20. &#8211; 22.03.2026<\/strong> <br \/>BJT+  in Mannheim &#8220;Amt und Ordination &#8211; Was ein Pfarrer ist&#8221;<\/p>\n\n\n\n<p><strong>14. &#8211; 17.05.2026<\/strong> <br \/>Selkiade in Homberg Efze<\/p>\n\n\n<div class=\"wp-block-image\">\n<figure class=\"aligncenter size-large\"><a href=\"https:\/\/www.selk-muenchen.de\/wp-content\/uploads\/2026\/02\/IMG-20260220-WA0010-1.jpg\"><img loading=\"lazy\" decoding=\"async\" width=\"724\" height=\"1024\" src=\"https:\/\/www.selk-muenchen.de\/wp-content\/uploads\/2026\/02\/IMG-20260220-WA0010-1-724x1024.jpg\" alt=\"\" class=\"wp-image-11165\" srcset=\"https:\/\/www.selk-muenchen.de\/wp-content\/uploads\/2026\/02\/IMG-20260220-WA0010-1-724x1024.jpg 724w, https:\/\/www.selk-muenchen.de\/wp-content\/uploads\/2026\/02\/IMG-20260220-WA0010-1-212x300.jpg 212w, https:\/\/www.selk-muenchen.de\/wp-content\/uploads\/2026\/02\/IMG-20260220-WA0010-1-768x1086.jpg 768w, https:\/\/www.selk-muenchen.de\/wp-content\/uploads\/2026\/02\/IMG-20260220-WA0010-1-1086x1536.jpg 1086w, https:\/\/www.selk-muenchen.de\/wp-content\/uploads\/2026\/02\/IMG-20260220-WA0010-1.jpg 1131w\" sizes=\"auto, (max-width: 724px) 100vw, 724px\" \/><\/a><\/figure>\n<\/div>\n\n<div class=\"wp-block-image\">\n<figure class=\"aligncenter size-large\"><a href=\"https:\/\/www.selk-muenchen.de\/wp-content\/uploads\/2025\/12\/IMG_0796.jpg\"><img loading=\"lazy\" decoding=\"async\" width=\"820\" height=\"1024\" src=\"https:\/\/www.selk-muenchen.de\/wp-content\/uploads\/2025\/12\/IMG_0796-820x1024.jpg\" alt=\"\" class=\"wp-image-10891\" srcset=\"https:\/\/www.selk-muenchen.de\/wp-content\/uploads\/2025\/12\/IMG_0796-820x1024.jpg 820w, https:\/\/www.selk-muenchen.de\/wp-content\/uploads\/2025\/12\/IMG_0796-240x300.jpg 240w, https:\/\/www.selk-muenchen.de\/wp-content\/uploads\/2025\/12\/IMG_0796-768x959.jpg 768w, https:\/\/www.selk-muenchen.de\/wp-content\/uploads\/2025\/12\/IMG_0796.jpg 1078w\" sizes=\"auto, (max-width: 820px) 100vw, 820px\" \/><\/a><\/figure>\n<\/div>","protected":false},"excerpt":{"rendered":"<p>Der Jugendkreis findet nach Absprache statt. Thematische Gespr\u00e4che mit dem Pfarrer, gemeinsame Unternehmungen, sportliche Aktivit\u00e4ten, Filmn\u00e4chte oder gemeinsame Fahrten zu gr\u00f6\u00dferen Jugendveranstaltungen unserer Kirche pr\u00e4gen die jeweiligen Zusammenk\u00fcnfte. Jugendtreffen im Bezirk S\u00fcddeutschland: 20. &#8211; 22.03.2026 BJT+ in Mannheim &#8220;Amt und Ordination &#8211; Was ein Pfarrer ist&#8221; 14. &#8211; 17.05.2026 Selkiade in Homberg Efze<\/p>\n","protected":false},"author":1,"featured_media":0,"parent":81,"menu_order":0,"comment_status":"closed","ping_status":"closed","template":"","meta":{"footnotes":""},"class_list":["post-206","page","type-page","status-publish","hentry"],"translation":{"provider":"WPGlobus","version":"3.0.2","language":"en","enabled_languages":["de","en"],"languages":{"de":{"title":true,"content":true,"excerpt":false},"en":{"title":false,"content":false,"excerpt":false}}},"_links":{"self":[{"href":"https:\/\/www.selk-muenchen.de\/en\/wp-json\/wp\/v2\/pages\/206","targetHints":{"allow":["GET"]}}],"collection":[{"href":"https:\/\/www.selk-muenchen.de\/en\/wp-json\/wp\/v2\/pages"}],"about":[{"href":"https:\/\/www.selk-muenchen.de\/en\/wp-json\/wp\/v2\/types\/page"}],"author":[{"embeddable":true,"href":"https:\/\/www.selk-muenchen.de\/en\/wp-json\/wp\/v2\/users\/1"}],"replies":[{"embeddable":true,"href":"https:\/\/www.selk-muenchen.de\/en\/wp-json\/wp\/v2\/comments?post=206"}],"version-history":[{"count":56,"href":"https:\/\/www.selk-muenchen.de\/en\/wp-json\/wp\/v2\/pages\/206\/revisions"}],"predecessor-version":[{"id":11167,"href":"https:\/\/www.selk-muenchen.de\/en\/wp-json\/wp\/v2\/pages\/206\/revisions\/11167"}],"up":[{"embeddable":true,"href":"https:\/\/www.selk-muenchen.de\/en\/wp-json\/wp\/v2\/pages\/81"}],"wp:attachment":[{"href":"https:\/\/www.selk-muenchen.de\/en\/wp-json\/wp\/v2\/media?parent=206"}],"curies":[{"name":"wp","href":"https:\/\/api.w.org\/{rel}","templated":true}]}}