{"id":218,"date":"2014-10-15T22:57:59","date_gmt":"2014-10-15T20:57:59","guid":{"rendered":"http:\/\/new.selk-muenchen.de\/?page_id=218"},"modified":"2025-10-14T11:54:25","modified_gmt":"2025-10-14T09:54:25","slug":"stammtisch","status":"publish","type":"page","link":"https:\/\/www.selk-muenchen.de\/en\/gemeindeaktivitaeten\/stammtisch\/","title":{"rendered":"Offener Stammtisch"},"content":{"rendered":"<p>Der offene Stammtisch bietet Gelegenheit zu Gespr\u00e4chen bei Imbi\u00df und Getr\u00e4nken. In der Regel finden die Treffen monatlich freitagabends 19.00 Uhr im Gemeindesaal oder bei sch\u00f6nem Wetter im Garten.<\/p>\n<p>Termine erfahren Sie auch \u00fcber das <a title=\"Startseite\" href=\"https:\/\/www.selk-muenchen.de\/\">Pfarramt <\/a>und im <a title=\"Gemeindebrief\" href=\"https:\/\/www.selk-muenchen.de\/gemeindebrief\/\">Gemeindebrief<\/a>.<\/p>\n\n\n<p><\/p>\n","protected":false},"excerpt":{"rendered":"<p>Der offene Stammtisch bietet Gelegenheit zu Gespr\u00e4chen bei Imbi\u00df und Getr\u00e4nken. In der Regel finden die Treffen monatlich freitagabends 19.00 Uhr im Gemeindesaal oder bei sch\u00f6nem Wetter im Garten. Termine erfahren Sie auch \u00fcber das Pfarramt und im Gemeindebrief.<\/p>\n","protected":false},"author":1,"featured_media":0,"parent":81,"menu_order":0,"comment_status":"closed","ping_status":"closed","template":"","meta":{"footnotes":""},"class_list":["post-218","page","type-page","status-publish","hentry"],"translation":{"provider":"WPGlobus","version":"3.0.2","language":"en","enabled_languages":["de","en"],"languages":{"de":{"title":true,"content":true,"excerpt":false},"en":{"title":false,"content":false,"excerpt":false}}},"_links":{"self":[{"href":"https:\/\/www.selk-muenchen.de\/en\/wp-json\/wp\/v2\/pages\/218","targetHints":{"allow":["GET"]}}],"collection":[{"href":"https:\/\/www.selk-muenchen.de\/en\/wp-json\/wp\/v2\/pages"}],"about":[{"href":"https:\/\/www.selk-muenchen.de\/en\/wp-json\/wp\/v2\/types\/page"}],"author":[{"embeddable":true,"href":"https:\/\/www.selk-muenchen.de\/en\/wp-json\/wp\/v2\/users\/1"}],"replies":[{"embeddable":true,"href":"https:\/\/www.selk-muenchen.de\/en\/wp-json\/wp\/v2\/comments?post=218"}],"version-history":[{"count":11,"href":"https:\/\/www.selk-muenchen.de\/en\/wp-json\/wp\/v2\/pages\/218\/revisions"}],"predecessor-version":[{"id":10700,"href":"https:\/\/www.selk-muenchen.de\/en\/wp-json\/wp\/v2\/pages\/218\/revisions\/10700"}],"up":[{"embeddable":true,"href":"https:\/\/www.selk-muenchen.de\/en\/wp-json\/wp\/v2\/pages\/81"}],"wp:attachment":[{"href":"https:\/\/www.selk-muenchen.de\/en\/wp-json\/wp\/v2\/media?parent=218"}],"curies":[{"name":"wp","href":"https:\/\/api.w.org\/{rel}","templated":true}]}}