{"id":81,"date":"2014-10-12T15:36:45","date_gmt":"2014-10-12T13:36:45","guid":{"rendered":"http:\/\/new.selk-muenchen.de\/?page_id=81"},"modified":"2023-10-01T11:27:42","modified_gmt":"2023-10-01T09:27:42","slug":"gemeindeaktivitaeten","status":"publish","type":"page","link":"https:\/\/www.selk-muenchen.de\/en\/gemeindeaktivitaeten\/","title":{"rendered":"Gemeindeaktivit\u00e4ten"},"content":{"rendered":"<p><span class=\"normal\">\u00dcber die Gottesdienste an den Sonn- und Feiertagen hinaus gibt es eine Reihe weiterer Gemeindeaktivit\u00e4ten und Veranstaltungen, \u00fcber die Sie sich durch Auswahl der Untermen\u00fcpunkte\u00a0dieser Seite im Einzelnen informieren k\u00f6nnen. Wir w\u00fcnschen Ihnen dabei viel Freude und stehen Ihnen <a title=\"Startseite\" href=\"https:\/\/www.selk-muenchen.de\/wp-content\/uploads\/2014\/10\/?page_id=11\">f\u00fcr Fragen und weitere Informationen<\/a> gerne zur Verf\u00fcgung.<\/span><\/p>\n","protected":false},"excerpt":{"rendered":"<p>\u00dcber die Gottesdienste an den Sonn- und Feiertagen hinaus gibt es eine Reihe weiterer Gemeindeaktivit\u00e4ten und Veranstaltungen, \u00fcber die Sie sich durch Auswahl der Untermen\u00fcpunkte\u00a0dieser Seite im Einzelnen informieren k\u00f6nnen. Wir w\u00fcnschen Ihnen dabei viel Freude und stehen Ihnen f\u00fcr Fragen und weitere Informationen gerne zur Verf\u00fcgung.<\/p>\n","protected":false},"author":1,"featured_media":0,"parent":0,"menu_order":50,"comment_status":"closed","ping_status":"closed","template":"","meta":{"footnotes":""},"class_list":["post-81","page","type-page","status-publish","hentry"],"translation":{"provider":"WPGlobus","version":"3.0.2","language":"en","enabled_languages":["de","en"],"languages":{"de":{"title":true,"content":true,"excerpt":false},"en":{"title":false,"content":false,"excerpt":false}}},"_links":{"self":[{"href":"https:\/\/www.selk-muenchen.de\/en\/wp-json\/wp\/v2\/pages\/81","targetHints":{"allow":["GET"]}}],"collection":[{"href":"https:\/\/www.selk-muenchen.de\/en\/wp-json\/wp\/v2\/pages"}],"about":[{"href":"https:\/\/www.selk-muenchen.de\/en\/wp-json\/wp\/v2\/types\/page"}],"author":[{"embeddable":true,"href":"https:\/\/www.selk-muenchen.de\/en\/wp-json\/wp\/v2\/users\/1"}],"replies":[{"embeddable":true,"href":"https:\/\/www.selk-muenchen.de\/en\/wp-json\/wp\/v2\/comments?post=81"}],"version-history":[{"count":6,"href":"https:\/\/www.selk-muenchen.de\/en\/wp-json\/wp\/v2\/pages\/81\/revisions"}],"predecessor-version":[{"id":8597,"href":"https:\/\/www.selk-muenchen.de\/en\/wp-json\/wp\/v2\/pages\/81\/revisions\/8597"}],"wp:attachment":[{"href":"https:\/\/www.selk-muenchen.de\/en\/wp-json\/wp\/v2\/media?parent=81"}],"curies":[{"name":"wp","href":"https:\/\/api.w.org\/{rel}","templated":true}]}}